{"id":5047,"date":"2025-02-27T08:42:00","date_gmt":"2025-02-27T08:42:00","guid":{"rendered":"https:\/\/morphocostarica.com\/?page_id=5047"},"modified":"2025-05-14T10:33:43","modified_gmt":"2025-05-14T10:33:43","slug":"quand-partir-au-costa-rica","status":"publish","type":"page","link":"https:\/\/morphocostarica.com\/fr_fr\/quand-partir-au-costa-rica\/","title":{"rendered":"Quand partir au Costa Rica?"},"content":{"rendered":"<h1>Quand partir<br \/>au costa rica?<\/h1>\n<h1>Comprendre les saisons pour mieux voyager<\/h1>\n<div>\n<p>    <img decoding=\"async\" src=\"\/wp-content\/uploads\/2025\/02\/La-Fortuna.jpg\" alt=\"village de La Fortuna au pied du volcan Arenal\"><\/p>\n<h3>Quelle est la saison id\u00e9ale pour visiter le Cosa Rica<\/h3>\n<div>\n<p data-start=\"80\" data-end=\"439\">Imaginez\u2026 Vous marchez dans une for\u00eat tropicale vibrante, berc\u00e9 par le chant des oiseaux exotiques et le murmure d\u2019une cascade lointaine. Ou peut-\u00eatre \u00eates-vous allong\u00e9 sur une plage dor\u00e9e, un cocktail \u00e0 la main, face au bleu infini du Pacifique. Peu importe votre r\u00eave, une question se pose : <strong data-start=\"374\" data-end=\"437\">quelle est la meilleure p\u00e9riode pour partir au Costa Rica ?<\/strong><\/p>\n<p data-start=\"441\" data-end=\"822\">La r\u00e9ponse n\u2019est pas aussi simple qu\u2019il y para\u00eet. Car oui, <strong data-start=\"500\" data-end=\"561\">les saisons traditionnelles existent, mais elles \u00e9voluent<\/strong>. Le changement climatique modifie peu \u00e0 peu les rep\u00e8res, rendant la m\u00e9t\u00e9o parfois impr\u00e9visible. Alors, pour pr\u00e9parer votre voyage au mieux, voici <strong data-start=\"708\" data-end=\"820\">tout ce que vous devez savoir sur les saisons, les microclimats et les meilleures p\u00e9riodes selon vos envies.<\/strong><\/p>\n<\/div>\n<\/div>\n<div>\n<h2 data-start=\"829\" data-end=\"901\"><strong data-start=\"832\" data-end=\"899\">Saison s\u00e8che et saison verte : une distinction encore valable ?<\/strong><\/h2>\n<p data-start=\"903\" data-end=\"991\">Le Costa Rica est connu pour son <strong data-start=\"936\" data-end=\"955\">climat tropical<\/strong>, divis\u00e9 en deux grandes saisons :<\/p>\n<ul data-start=\"993\" data-end=\"1291\">\n<li data-start=\"993\" data-end=\"1149\"><strong data-start=\"995\" data-end=\"1033\">La saison s\u00e8che (d\u00e9cembre \u00e0 avril)<\/strong> : traditionnellement consid\u00e9r\u00e9e comme la p\u00e9riode id\u00e9ale, avec des journ\u00e9es ensoleill\u00e9es et peu de pr\u00e9cipitations.<\/li>\n<li data-start=\"1150\" data-end=\"1291\"><strong data-start=\"1152\" data-end=\"1188\">La saison verte (mai \u00e0 novembre)<\/strong> : caract\u00e9ris\u00e9e par des pluies plus fr\u00e9quentes, une v\u00e9g\u00e9tation luxuriante et une ambiance plus calme.<\/li>\n<\/ul>\n<p data-start=\"1293\" data-end=\"1626\">Cependant, <strong data-start=\"1304\" data-end=\"1358\">ces cycles ne sont plus aussi pr\u00e9visibles qu\u2019avant<\/strong>. Ces derni\u00e8res ann\u00e9es, il arrive que des journ\u00e9es pluvieuses surprennent les voyageurs en pleine saison s\u00e8che, tandis que des semaines ensoleill\u00e9es illuminent la saison verte. Il devient donc essentiel de <strong data-start=\"1564\" data-end=\"1623\">raisonner par r\u00e9gion et non plus uniquement par p\u00e9riode<\/strong>.<\/p>\n<h2 data-start=\"1633\" data-end=\"1689\"><strong data-start=\"1636\" data-end=\"1687\">Voyager selon les r\u00e9gions et leurs microclimats<\/strong><\/h2>\n<p data-start=\"1691\" data-end=\"1843\">Le Costa Rica, malgr\u00e9 sa petite taille, pr\u00e9sente <strong data-start=\"1740\" data-end=\"1773\">une grande vari\u00e9t\u00e9 de climats<\/strong> en fonction de l\u2019altitude, des vents et des oc\u00e9ans qui l\u2019entourent.<\/p>\n<h3 data-start=\"1845\" data-end=\"1897\"><strong data-start=\"1849\" data-end=\"1895\">Le Pacifique : des saisons encore marqu\u00e9es<\/strong><\/h3>\n<ul data-start=\"1899\" data-end=\"2343\">\n<li data-start=\"1899\" data-end=\"2136\"><strong data-start=\"1901\" data-end=\"1940\">Pacifique Nord (Guanacaste, Nicoya)<\/strong> : c\u2019est ici que la saison s\u00e8che est la plus prononc\u00e9e, avec peu de pluie de d\u00e9cembre \u00e0 avril. Mais ces derni\u00e8res ann\u00e9es, des \u00e9pisodes de s\u00e9cheresse extr\u00eame ont modifi\u00e9 l\u2019\u00e9quilibre de la r\u00e9gion.<\/li>\n<li data-start=\"2137\" data-end=\"2343\"><strong data-start=\"2139\" data-end=\"2202\">Pacifique Central et Sud (Manuel Antonio, Uvita, Corcovado)<\/strong> : m\u00eame en saison s\u00e8che, il peut pleuvoir, surtout dans le sud. La saison verte y est plus intense, mais offre des paysages spectaculaires.<\/li>\n<\/ul>\n<h3 data-start=\"2345\" data-end=\"2406\"><strong data-start=\"2349\" data-end=\"2404\">Les Cara\u00efbes : un climat impr\u00e9visible toute l\u2019ann\u00e9e<\/strong><\/h3>\n<p data-start=\"2408\" data-end=\"2658\">Contrairement aux id\u00e9es re\u00e7ues, la c\u00f4te cara\u00efbe ne suit pas les m\u00eames r\u00e8gles climatiques. Ici, <strong data-start=\"2503\" data-end=\"2539\">il pleut tout au long de l\u2019ann\u00e9e<\/strong>, mais avec des p\u00e9riodes de beau temps souvent en septembre et octobre, alors que le reste du pays est sous la pluie.<\/p>\n<h3 data-start=\"2660\" data-end=\"2721\"><strong data-start=\"2664\" data-end=\"2719\">L\u2019int\u00e9rieur du pays : montagnes et for\u00eats brumeuses<\/strong><\/h3>\n<p data-start=\"2723\" data-end=\"2865\">Dans les r\u00e9gions montagneuses comme Monteverde ou la Vall\u00e9e Centrale, l\u2019altitude cr\u00e9e un climat plus frais et humide, peu importe la saison.<\/p>\n<\/div>\n<p><img decoding=\"async\" src=\"\/wp-content\/uploads\/2025\/02\/Rainettte-aux-yeux-rouges-scaled.jpg\" alt=\"grenouille aux yeux rouges au costa rica\"><\/p>\n<div>\n<h2 data-start=\"2872\" data-end=\"2912\"><strong data-start=\"2875\" data-end=\"2910\">Quand partir selon vos envies ?<\/strong><\/h2>\n<p data-start=\"2914\" data-end=\"3265\"><strong data-start=\"2916\" data-end=\"2958\">Pour profiter du soleil et de la plage<\/strong> : privil\u00e9giez <strong data-start=\"2973\" data-end=\"2993\">d\u00e9cembre \u00e0 avril<\/strong> sur la c\u00f4te Pacifique, et <strong data-start=\"3020\" data-end=\"3041\">septembre-octobre<\/strong> sur la c\u00f4te cara\u00efbe.<\/p>\n<p data-start=\"2914\" data-end=\"3265\"><strong data-start=\"3067\" data-end=\"3114\">Pour voir la nature dans toute sa splendeur<\/strong> : la <strong data-start=\"3120\" data-end=\"3153\">saison verte (mai \u00e0 novembre)<\/strong> est id\u00e9ale, surtout pour les amateurs de photographie et de biodiversit\u00e9.<\/p>\n<p data-start=\"2914\" data-end=\"3265\"><strong data-start=\"3232\" data-end=\"3261\">Pour observer les tortues<\/strong> :<\/p>\n<ul data-start=\"3266\" data-end=\"3578\">\n<li data-start=\"3266\" data-end=\"3321\">\ud83d\udc22 <strong data-start=\"3271\" data-end=\"3292\">Juillet \u00e0 octobre<\/strong> (Tortuguero, c\u00f4te cara\u00efbe)<\/li>\n<li data-start=\"3322\" data-end=\"3578\">\ud83d\udc22 <strong data-start=\"3327\" data-end=\"3351\">Septembre \u00e0 d\u00e9cembre<\/strong> (P\u00e9ninsule de Nicoya, c\u00f4te Pacifique)*<\/li>\n<\/ul>\n<p><strong data-start=\"3394\" data-end=\"3424\">Pour observer les baleines<\/strong> : <strong data-start=\"3427\" data-end=\"3452\">de juillet \u00e0 novembre<\/strong> sur la c\u00f4te pacifique sud.<\/p>\n<p><strong data-start=\"3484\" data-end=\"3500\">Pour le surf<\/strong> : toute l\u2019ann\u00e9e, mais <strong data-start=\"3523\" data-end=\"3575\">la saison verte offre des vagues plus puissantes<\/strong>.<\/p>\n<\/div>\n<p><img decoding=\"async\" src=\"\/wp-content\/uploads\/2025\/02\/Bajos-del-toro-scaled.jpg\" alt=\"cascade bajo del toro costa rica\"><\/p>\n<div>\n<h2 data-start=\"3585\" data-end=\"3650\"><strong data-start=\"3588\" data-end=\"3648\">Changement climatique : pourquoi il faut rester flexible<\/strong><\/h2>\n<p data-start=\"3652\" data-end=\"3899\">Ces derni\u00e8res ann\u00e9es, les saisons ne suivent plus toujours les sch\u00e9mas traditionnels. <strong data-start=\"3738\" data-end=\"3837\">Des p\u00e9riodes d&rsquo;<span>ensoleillement <\/span>plus longues, des pluies plus fortes, des temp\u00e9ratures fluctuantes<\/strong>\u2026 Autant de facteurs qui rendent la m\u00e9t\u00e9o plus impr\u00e9visible.<\/p>\n<p data-start=\"3901\" data-end=\"4062\">\ud83d\udc49 <strong data-start=\"3904\" data-end=\"3917\">Conseil :<\/strong> Peu importe la p\u00e9riode choisie, <strong data-start=\"3950\" data-end=\"3974\">pr\u00e9parez-vous \u00e0 tout<\/strong>. Un bon imperm\u00e9able et une protection solaire sont des indispensables toute l\u2019ann\u00e9e !<\/p>\n<hr data-start=\"4064\" data-end=\"4067\" \/>\n<h2 data-start=\"4069\" data-end=\"4136\"><strong data-start=\"4072\" data-end=\"4134\">Conclusion : quelle est la meilleure p\u00e9riode pour partir ?<\/strong><\/h2>\n<p data-start=\"4138\" data-end=\"4523\">Si vous cherchez <strong data-start=\"4155\" data-end=\"4188\">du soleil et un climat stable<\/strong>, privil\u00e9giez <strong data-start=\"4202\" data-end=\"4222\">d\u00e9cembre \u00e0 avril<\/strong> sur la c\u00f4te Pacifique.<br data-start=\"4245\" data-end=\"4248\" \/>Si vous souhaitez <strong data-start=\"4266\" data-end=\"4326\">\u00e9viter la foule et profiter d\u2019un Costa Rica plus sauvage<\/strong>, la <strong data-start=\"4331\" data-end=\"4347\">saison verte<\/strong> offre une immersion unique.<br data-start=\"4375\" data-end=\"4378\" \/>Si vous aimez <strong data-start=\"4392\" data-end=\"4410\">la spontan\u00e9it\u00e9<\/strong>, partez quand vous voulez : <strong data-start=\"4439\" data-end=\"4521\">chaque mois a ses surprises, et la m\u00e9t\u00e9o peut toujours jouer en votre faveur !<\/strong><\/p>\n<p data-start=\"4525\" data-end=\"4620\"><strong data-start=\"4525\" data-end=\"4614\">Finalement, la meilleure p\u00e9riode pour partir au Costa Rica d\u00e9pend avant tout de vous.<\/strong> \ud83c\udf3f\u2600<\/p>\n<p data-start=\"4622\" data-end=\"4692\" data-is-last-node=\"\" data-is-only-node=\"\">Alors, <strong data-start=\"4629\" data-end=\"4692\" data-is-last-node=\"\">pr\u00eat \u00e0 vivre votre aventure sous le signe de la Pura Vida ?<\/strong><\/p>\n<\/div>\n<p><!--more--><br \/>\n<!-- {\"type\":\"layout\",\"children\":[{\"name\":\"Hero\",\"type\":\"section\",\"props\":{\"height\":\"viewport\",\"height_offset_top\":true,\"image\":\"wp-content\\\/uploads\\\/photo-1574436249375-2578071e472a-scaled.jpg\",\"image_effect\":\"parallax\",\"image_loading\":false,\"image_parallax_bgy\":\"0,-100\",\"image_parallax_breakpoint\":\"m\",\"image_parallax_easing\":\"1\",\"image_position\":\"center-center\",\"image_size\":\"width-1-1\",\"media_overlay_gradient\":\"linear-gradient(rgba(255,255,255,0) 95%, rgba(255,255,255,1) 100%)\",\"overlap\":true,\"padding\":\"none\",\"preserve_color\":false,\"style\":\"default\",\"text_color\":\"light\",\"title\":\"Voyages Sur Mesure\",\"title_breakpoint\":\"xl\",\"title_position\":\"top-left\",\"title_rotation\":\"left\",\"vertical_align\":\"bottom\",\"width\":\"expand\"},\"children\":[{\"type\":\"row\",\"children\":[{\"type\":\"column\",\"props\":{\"image_position\":\"center-center\",\"position_sticky_breakpoint\":\"m\",\"width_medium\":\"1-1\"},\"children\":[{\"name\":\"Headline Style XLarge\",\"type\":\"headline\",\"props\":{\"content\":\"Quand partir<br \\\/>au costa rica?\",\"position\":\"relative\",\"position_bottom\":\"-600\",\"text_align\":\"center\",\"title_element\":\"h1\",\"title_style\":\"heading-large\"}}]}],\"props\":{\"alignment\":\"center\",\"column_gap\":\"collapse\",\"height\":\"viewport\",\"margin\":\"remove-vertical\",\"margin_remove_bottom\":true,\"margin_remove_top\":true,\"row_gap\":\"collapse\",\"width\":\"expand\"}}]},{\"type\":\"section\",\"props\":{\"image_position\":\"center-center\",\"padding_remove_bottom\":true,\"style\":\"default\",\"title_breakpoint\":\"xl\",\"title_position\":\"top-left\",\"title_rotation\":\"left\",\"vertical_align\":\"middle\",\"width\":\"default\"},\"children\":[{\"type\":\"row\",\"children\":[{\"type\":\"column\",\"props\":{\"image_position\":\"center-center\",\"position_sticky_breakpoint\":\"m\"},\"children\":[{\"type\":\"headline\",\"props\":{\"content\":\"Comprendre les saisons pour mieux voyager\",\"title_element\":\"h1\"}},{\"type\":\"panel-slider\",\"props\":{\"content_column_breakpoint\":\"m\",\"icon_width\":80,\"image_align\":\"right\",\"image_grid_breakpoint\":\"m\",\"image_grid_width\":\"1-2\",\"image_svg_color\":\"emphasis\",\"image_vertical_align\":true,\"link_style\":\"default\",\"link_text\":\"Read more\",\"margin\":\"\",\"margin_remove_bottom\":true,\"meta_align\":\"below-title\",\"meta_element\":\"div\",\"meta_style\":\"text-meta\",\"nav\":\"dotnav\",\"nav_align\":\"center\",\"nav_breakpoint\":\"s\",\"panel_card_offset\":true,\"panel_image_no_padding\":true,\"panel_match\":false,\"panel_padding\":\"large\",\"panel_style\":\"card-default\",\"show_content\":true,\"show_hover_image\":true,\"show_hover_video\":true,\"show_image\":true,\"show_link\":true,\"show_meta\":true,\"show_title\":true,\"show_video\":true,\"slidenav\":\"outside\",\"slidenav_breakpoint\":\"\",\"slidenav_large\":false,\"slidenav_margin\":\"\",\"slidenav_outside_breakpoint\":\"xl\",\"slider_autoplay\":true,\"slider_autoplay_pause\":true,\"slider_divider\":false,\"slider_gap\":\"large\",\"slider_sets\":false,\"slider_width\":\"fixed\",\"slider_width_default\":\"1-1\",\"slider_width_medium\":\"1-1\",\"text_align\":\"justify\",\"title_align\":\"top\",\"title_element\":\"h3\",\"title_grid_breakpoint\":\"m\",\"title_grid_width\":\"1-2\",\"title_hover_style\":\"reset\"},\"children\":[{\"type\":\"panel-slider_item\",\"props\":{\"content\":\"\n\n<p data-start=\\\"80\\\" data-end=\\\"439\\\">Imaginez\\u2026 Vous marchez dans une for\\u00eat tropicale vibrante, berc\\u00e9 par le chant des oiseaux exotiques et le murmure d\\u2019une cascade lointaine. Ou peut-\\u00eatre \\u00eates-vous allong\\u00e9 sur une plage dor\\u00e9e, un cocktail \\u00e0 la main, face au bleu infini du Pacifique. Peu importe votre r\\u00eave, une question se pose : <strong data-start=\\\"374\\\" data-end=\\\"437\\\">quelle est la meilleure p\\u00e9riode pour partir au Costa Rica ?<\\\/strong><\\\/p>\\n\n\n<p data-start=\\\"441\\\" data-end=\\\"822\\\">La r\\u00e9ponse n\\u2019est pas aussi simple qu\\u2019il y para\\u00eet. Car oui, <strong data-start=\\\"500\\\" data-end=\\\"561\\\">les saisons traditionnelles existent, mais elles \\u00e9voluent<\\\/strong>. Le changement climatique modifie peu \\u00e0 peu les rep\\u00e8res, rendant la m\\u00e9t\\u00e9o parfois impr\\u00e9visible. Alors, pour pr\\u00e9parer votre voyage au mieux, voici <strong data-start=\\\"708\\\" data-end=\\\"820\\\">tout ce que vous devez savoir sur les saisons, les microclimats et les meilleures p\\u00e9riodes selon vos envies.<\\\/strong><\\\/p>\",\"image\":\"wp-content\\\/uploads\\\/2025\\\/02\\\/La-Fortuna.jpg\",\"image_alt\":\"village de La Fortuna au pied du volcan Arenal\",\"title\":\"Quelle est la saison id\\u00e9ale pour visiter le Cosa Rica\"}}]}]}]}]},{\"type\":\"section\",\"props\":{\"image_position\":\"center-center\",\"style\":\"default\",\"title_breakpoint\":\"xl\",\"title_position\":\"top-left\",\"title_rotation\":\"left\",\"vertical_align\":\"middle\",\"width\":\"default\"},\"children\":[{\"type\":\"row\",\"props\":{\"layout\":\"2-3,1-3\"},\"children\":[{\"type\":\"column\",\"props\":{\"image_position\":\"center-center\",\"position_sticky_breakpoint\":\"m\",\"width_medium\":\"2-3\"},\"children\":[{\"type\":\"text\",\"props\":{\"column_breakpoint\":\"m\",\"content\":\"\n\n<h2 data-start=\\\"829\\\" data-end=\\\"901\\\"><strong data-start=\\\"832\\\" data-end=\\\"899\\\">Saison s\\u00e8che et saison verte : une distinction encore valable ?<\\\/strong><\\\/h2>\\n\n\n<p data-start=\\\"903\\\" data-end=\\\"991\\\">Le Costa Rica est connu pour son <strong data-start=\\\"936\\\" data-end=\\\"955\\\">climat tropical<\\\/strong>, divis\\u00e9 en deux grandes saisons :<\\\/p>\\n\n\n<ul data-start=\\\"993\\\" data-end=\\\"1291\\\">\\n\n\n<li data-start=\\\"993\\\" data-end=\\\"1149\\\"><strong data-start=\\\"995\\\" data-end=\\\"1033\\\">La saison s\\u00e8che (d\\u00e9cembre \\u00e0 avril)<\\\/strong> : traditionnellement consid\\u00e9r\\u00e9e comme la p\\u00e9riode id\\u00e9ale, avec des journ\\u00e9es ensoleill\\u00e9es et peu de pr\\u00e9cipitations.<\\\/li>\\n\n\n<li data-start=\\\"1150\\\" data-end=\\\"1291\\\"><strong data-start=\\\"1152\\\" data-end=\\\"1188\\\">La saison verte (mai \\u00e0 novembre)<\\\/strong> : caract\\u00e9ris\\u00e9e par des pluies plus fr\\u00e9quentes, une v\\u00e9g\\u00e9tation luxuriante et une ambiance plus calme.<\\\/li>\\n<\\\/ul>\\n\n\n<p data-start=\\\"1293\\\" data-end=\\\"1626\\\">Cependant, <strong data-start=\\\"1304\\\" data-end=\\\"1358\\\">ces cycles ne sont plus aussi pr\\u00e9visibles qu\\u2019avant<\\\/strong>. Ces derni\\u00e8res ann\\u00e9es, il arrive que des journ\\u00e9es pluvieuses surprennent les voyageurs en pleine saison s\\u00e8che, tandis que des semaines ensoleill\\u00e9es illuminent la saison verte. Il devient donc essentiel de <strong data-start=\\\"1564\\\" data-end=\\\"1623\\\">raisonner par r\\u00e9gion et non plus uniquement par p\\u00e9riode<\\\/strong>.<\\\/p>\\n\n\n<h2 data-start=\\\"1633\\\" data-end=\\\"1689\\\"><strong data-start=\\\"1636\\\" data-end=\\\"1687\\\">Voyager selon les r\\u00e9gions et leurs microclimats<\\\/strong><\\\/h2>\\n\n\n<p data-start=\\\"1691\\\" data-end=\\\"1843\\\">Le Costa Rica, malgr\\u00e9 sa petite taille, pr\\u00e9sente <strong data-start=\\\"1740\\\" data-end=\\\"1773\\\">une grande vari\\u00e9t\\u00e9 de climats<\\\/strong> en fonction de l\\u2019altitude, des vents et des oc\\u00e9ans qui l\\u2019entourent.<\\\/p>\\n\n\n<h3 data-start=\\\"1845\\\" data-end=\\\"1897\\\"><strong data-start=\\\"1849\\\" data-end=\\\"1895\\\">Le Pacifique : des saisons encore marqu\\u00e9es<\\\/strong><\\\/h3>\\n\n\n<ul data-start=\\\"1899\\\" data-end=\\\"2343\\\">\\n\n\n<li data-start=\\\"1899\\\" data-end=\\\"2136\\\"><strong data-start=\\\"1901\\\" data-end=\\\"1940\\\">Pacifique Nord (Guanacaste, Nicoya)<\\\/strong> : c\\u2019est ici que la saison s\\u00e8che est la plus prononc\\u00e9e, avec peu de pluie de d\\u00e9cembre \\u00e0 avril. Mais ces derni\\u00e8res ann\\u00e9es, des \\u00e9pisodes de s\\u00e9cheresse extr\\u00eame ont modifi\\u00e9 l\\u2019\\u00e9quilibre de la r\\u00e9gion.<\\\/li>\\n\n\n<li data-start=\\\"2137\\\" data-end=\\\"2343\\\"><strong data-start=\\\"2139\\\" data-end=\\\"2202\\\">Pacifique Central et Sud (Manuel Antonio, Uvita, Corcovado)<\\\/strong> : m\\u00eame en saison s\\u00e8che, il peut pleuvoir, surtout dans le sud. La saison verte y est plus intense, mais offre des paysages spectaculaires.<\\\/li>\\n<\\\/ul>\\n\n\n<h3 data-start=\\\"2345\\\" data-end=\\\"2406\\\"><strong data-start=\\\"2349\\\" data-end=\\\"2404\\\">Les Cara\\u00efbes : un climat impr\\u00e9visible toute l\\u2019ann\\u00e9e<\\\/strong><\\\/h3>\\n\n\n<p data-start=\\\"2408\\\" data-end=\\\"2658\\\">Contrairement aux id\\u00e9es re\\u00e7ues, la c\\u00f4te cara\\u00efbe ne suit pas les m\\u00eames r\\u00e8gles climatiques. Ici, <strong data-start=\\\"2503\\\" data-end=\\\"2539\\\">il pleut tout au long de l\\u2019ann\\u00e9e<\\\/strong>, mais avec des p\\u00e9riodes de beau temps souvent en septembre et octobre, alors que le reste du pays est sous la pluie.<\\\/p>\\n\n\n<h3 data-start=\\\"2660\\\" data-end=\\\"2721\\\"><strong data-start=\\\"2664\\\" data-end=\\\"2719\\\">L\\u2019int\\u00e9rieur du pays : montagnes et for\\u00eats brumeuses<\\\/strong><\\\/h3>\\n\n\n<p data-start=\\\"2723\\\" data-end=\\\"2865\\\">Dans les r\\u00e9gions montagneuses comme Monteverde ou la Vall\\u00e9e Centrale, l\\u2019altitude cr\\u00e9e un climat plus frais et humide, peu importe la saison.<\\\/p>\",\"margin\":\"default\"}}]},{\"type\":\"column\",\"props\":{\"image_position\":\"center-center\",\"position_sticky_breakpoint\":\"m\",\"width_medium\":\"1-3\"},\"children\":[{\"type\":\"image\",\"props\":{\"image\":\"wp-content\\\/uploads\\\/2025\\\/02\\\/Rainettte-aux-yeux-rouges-scaled.jpg\",\"image_alt\":\"grenouille aux yeux rouges au costa rica\",\"image_svg_color\":\"emphasis\",\"margin\":\"default\"}}]}]}]},{\"type\":\"section\",\"props\":{\"image_position\":\"center-center\",\"padding_remove_top\":true,\"style\":\"default\",\"title_breakpoint\":\"xl\",\"title_position\":\"top-left\",\"title_rotation\":\"left\",\"vertical_align\":\"middle\",\"width\":\"default\"},\"children\":[{\"type\":\"row\",\"children\":[{\"type\":\"column\",\"props\":{\"image_position\":\"center-center\",\"position_sticky_breakpoint\":\"m\"},\"children\":[{\"type\":\"text\",\"props\":{\"column_breakpoint\":\"m\",\"content\":\"\n\n<h2 data-start=\\\"2872\\\" data-end=\\\"2912\\\"><strong data-start=\\\"2875\\\" data-end=\\\"2910\\\">Quand partir selon vos envies ?<\\\/strong><\\\/h2>\\n\n\n<p data-start=\\\"2914\\\" data-end=\\\"3265\\\"><strong data-start=\\\"2916\\\" data-end=\\\"2958\\\">Pour profiter du soleil et de la plage<\\\/strong> : privil\\u00e9giez <strong data-start=\\\"2973\\\" data-end=\\\"2993\\\">d\\u00e9cembre \\u00e0 avril<\\\/strong> sur la c\\u00f4te Pacifique, et <strong data-start=\\\"3020\\\" data-end=\\\"3041\\\">septembre-octobre<\\\/strong> sur la c\\u00f4te cara\\u00efbe.<\\\/p>\\n\n\n<p data-start=\\\"2914\\\" data-end=\\\"3265\\\"><strong data-start=\\\"3067\\\" data-end=\\\"3114\\\">Pour voir la nature dans toute sa splendeur<\\\/strong> : la <strong data-start=\\\"3120\\\" data-end=\\\"3153\\\">saison verte (mai \\u00e0 novembre)<\\\/strong> est id\\u00e9ale, surtout pour les amateurs de photographie et de biodiversit\\u00e9.<\\\/p>\\n\n\n<p data-start=\\\"2914\\\" data-end=\\\"3265\\\"><strong data-start=\\\"3232\\\" data-end=\\\"3261\\\">Pour observer les tortues<\\\/strong> :<\\\/p>\\n\n\n<ul data-start=\\\"3266\\\" data-end=\\\"3578\\\">\\n\n\n<li data-start=\\\"3266\\\" data-end=\\\"3321\\\">\\ud83d\\udc22 <strong data-start=\\\"3271\\\" data-end=\\\"3292\\\">Juillet \\u00e0 octobre<\\\/strong> (Tortuguero, c\\u00f4te cara\\u00efbe)<\\\/li>\\n\n\n<li data-start=\\\"3322\\\" data-end=\\\"3578\\\">\\ud83d\\udc22 <strong data-start=\\\"3327\\\" data-end=\\\"3351\\\">Septembre \\u00e0 d\\u00e9cembre<\\\/strong> (P\\u00e9ninsule de Nicoya, c\\u00f4te Pacifique)*<\\\/li>\\n<\\\/ul>\\n\n\n<p><strong data-start=\\\"3394\\\" data-end=\\\"3424\\\">Pour observer les baleines<\\\/strong> : <strong data-start=\\\"3427\\\" data-end=\\\"3452\\\">de juillet \\u00e0 novembre<\\\/strong> sur la c\\u00f4te pacifique sud.<\\\/p>\\n\n\n<p><strong data-start=\\\"3484\\\" data-end=\\\"3500\\\">Pour le surf<\\\/strong> : toute l\\u2019ann\\u00e9e, mais <strong data-start=\\\"3523\\\" data-end=\\\"3575\\\">la saison verte offre des vagues plus puissantes<\\\/strong>.<\\\/p>\",\"margin\":\"default\"}},{\"type\":\"image\",\"props\":{\"image\":\"wp-content\\\/uploads\\\/2025\\\/02\\\/Bajos-del-toro-scaled.jpg\",\"image_alt\":\"cascade bajo del toro costa rica\",\"image_svg_color\":\"emphasis\",\"margin\":\"default\"}}]}]}]},{\"type\":\"section\",\"props\":{\"image_position\":\"center-center\",\"padding_remove_top\":true,\"style\":\"default\",\"title_breakpoint\":\"xl\",\"title_position\":\"top-left\",\"title_rotation\":\"left\",\"vertical_align\":\"middle\",\"width\":\"default\"},\"children\":[{\"type\":\"row\",\"children\":[{\"type\":\"column\",\"props\":{\"image_position\":\"center-center\",\"position_sticky_breakpoint\":\"m\"},\"children\":[{\"type\":\"text\",\"props\":{\"column_breakpoint\":\"m\",\"content\":\"\n\n<h2 data-start=\\\"3585\\\" data-end=\\\"3650\\\"><strong data-start=\\\"3588\\\" data-end=\\\"3648\\\">Changement climatique : pourquoi il faut rester flexible<\\\/strong><\\\/h2>\\n\n\n<p data-start=\\\"3652\\\" data-end=\\\"3899\\\">Ces derni\\u00e8res ann\\u00e9es, les saisons ne suivent plus toujours les sch\\u00e9mas traditionnels. <strong data-start=\\\"3738\\\" data-end=\\\"3837\\\">Des p\\u00e9riodes d'<span>ensoleillement <\\\/span>plus longues, des pluies plus fortes, des temp\\u00e9ratures fluctuantes<\\\/strong>\\u2026 Autant de facteurs qui rendent la m\\u00e9t\\u00e9o plus impr\\u00e9visible.<\\\/p>\\n\n\n<p data-start=\\\"3901\\\" data-end=\\\"4062\\\">\\ud83d\\udc49 <strong data-start=\\\"3904\\\" data-end=\\\"3917\\\">Conseil :<\\\/strong> Peu importe la p\\u00e9riode choisie, <strong data-start=\\\"3950\\\" data-end=\\\"3974\\\">pr\\u00e9parez-vous \\u00e0 tout<\\\/strong>. Un bon imperm\\u00e9able et une protection solaire sont des indispensables toute l\\u2019ann\\u00e9e !<\\\/p>\\n\n\n<hr data-start=\\\"4064\\\" data-end=\\\"4067\\\" \\\/>\\n\n\n<h2 data-start=\\\"4069\\\" data-end=\\\"4136\\\"><strong data-start=\\\"4072\\\" data-end=\\\"4134\\\">Conclusion : quelle est la meilleure p\\u00e9riode pour partir ?<\\\/strong><\\\/h2>\\n\n\n<p data-start=\\\"4138\\\" data-end=\\\"4523\\\">Si vous cherchez <strong data-start=\\\"4155\\\" data-end=\\\"4188\\\">du soleil et un climat stable<\\\/strong>, privil\\u00e9giez <strong data-start=\\\"4202\\\" data-end=\\\"4222\\\">d\\u00e9cembre \\u00e0 avril<\\\/strong> sur la c\\u00f4te Pacifique.<br data-start=\\\"4245\\\" data-end=\\\"4248\\\" \\\/>Si vous souhaitez <strong data-start=\\\"4266\\\" data-end=\\\"4326\\\">\\u00e9viter la foule et profiter d\\u2019un Costa Rica plus sauvage<\\\/strong>, la <strong data-start=\\\"4331\\\" data-end=\\\"4347\\\">saison verte<\\\/strong> offre une immersion unique.<br data-start=\\\"4375\\\" data-end=\\\"4378\\\" \\\/>Si vous aimez <strong data-start=\\\"4392\\\" data-end=\\\"4410\\\">la spontan\\u00e9it\\u00e9<\\\/strong>, partez quand vous voulez : <strong data-start=\\\"4439\\\" data-end=\\\"4521\\\">chaque mois a ses surprises, et la m\\u00e9t\\u00e9o peut toujours jouer en votre faveur !<\\\/strong><\\\/p>\\n\n\n<p data-start=\\\"4525\\\" data-end=\\\"4620\\\"><strong data-start=\\\"4525\\\" data-end=\\\"4614\\\">Finalement, la meilleure p\\u00e9riode pour partir au Costa Rica d\\u00e9pend avant tout de vous.<\\\/strong> \\ud83c\\udf3f\\u2600<\\\/p>\\n\n\n<p data-start=\\\"4622\\\" data-end=\\\"4692\\\" data-is-last-node=\\\"\\\" data-is-only-node=\\\"\\\">Alors, <strong data-start=\\\"4629\\\" data-end=\\\"4692\\\" data-is-last-node=\\\"\\\">pr\\u00eat \\u00e0 vivre votre aventure sous le signe de la Pura Vida ?<\\\/strong><\\\/p>\",\"margin\":\"default\"}}]}]}]}],\"version\":\"4.5.11\"} --><\/p>\n","protected":false},"excerpt":{"rendered":"<p>Quand partirau costa rica? Comprendre les saisons pour mieux voyager Quelle est la saison id\u00e9ale pour visiter le Cosa Rica Imaginez\u2026 Vous marchez dans une for\u00eat tropicale vibrante, berc\u00e9 par le chant des oiseaux exotiques et le murmure d\u2019une cascade lointaine. Ou peut-\u00eatre \u00eates-vous allong\u00e9 sur une plage dor\u00e9e, un cocktail \u00e0 la main, face [&hellip;]<\/p>\n","protected":false},"author":1,"featured_media":5060,"parent":0,"menu_order":7,"comment_status":"open","ping_status":"closed","template":"","meta":{"_acf_changed":false,"footnotes":""},"class_list":["post-5047","page","type-page","status-publish","has-post-thumbnail","hentry"],"acf":[],"yoast_head":"<!-- This site is optimized with the Yoast SEO plugin v27.2 - https:\/\/yoast.com\/product\/yoast-seo-wordpress\/ -->\n<title>Quand partir au Costa Rica? - Morpho Evasions Costa Rica<\/title>\n<meta name=\"robots\" content=\"index, follow, max-snippet:-1, max-image-preview:large, max-video-preview:-1\" \/>\n<link rel=\"canonical\" href=\"https:\/\/morphocostarica.com\/fr_fr\/quand-partir-au-costa-rica\/\" \/>\n<meta property=\"og:locale\" content=\"fr_FR\" \/>\n<meta property=\"og:type\" content=\"article\" \/>\n<meta property=\"og:title\" content=\"Quand partir au Costa Rica? - Morpho Evasions Costa Rica\" \/>\n<meta property=\"og:description\" content=\"Quand partirau costa rica? Comprendre les saisons pour mieux voyager Quelle est la saison id\u00e9ale pour visiter le Cosa Rica Imaginez\u2026 Vous marchez dans une for\u00eat tropicale vibrante, berc\u00e9 par le chant des oiseaux exotiques et le murmure d\u2019une cascade lointaine. Ou peut-\u00eatre \u00eates-vous allong\u00e9 sur une plage dor\u00e9e, un cocktail \u00e0 la main, face [&hellip;]\" \/>\n<meta property=\"og:url\" content=\"https:\/\/morphocostarica.com\/fr_fr\/quand-partir-au-costa-rica\/\" \/>\n<meta property=\"og:site_name\" content=\"Morpho Evasions Costa Rica\" \/>\n<meta property=\"article:publisher\" content=\"https:\/\/www.facebook.com\/morphoevasionscostarica\/\" \/>\n<meta property=\"article:modified_time\" content=\"2025-05-14T10:33:43+00:00\" \/>\n<meta property=\"og:image\" content=\"https:\/\/morphocostarica.com\/wp-content\/uploads\/2025\/02\/Bajos-del-toro-scaled.jpg\" \/>\n\t<meta property=\"og:image:width\" content=\"2560\" \/>\n\t<meta property=\"og:image:height\" content=\"846\" \/>\n\t<meta property=\"og:image:type\" content=\"image\/jpeg\" \/>\n<meta name=\"twitter:card\" content=\"summary_large_image\" \/>\n<meta name=\"twitter:label1\" content=\"Dur\u00e9e de lecture estim\u00e9e\" \/>\n\t<meta name=\"twitter:data1\" content=\"5 minutes\" \/>\n<script type=\"application\/ld+json\" class=\"yoast-schema-graph\">{\"@context\":\"https:\/\/schema.org\",\"@graph\":[{\"@type\":\"WebPage\",\"@id\":\"https:\/\/morphocostarica.com\/fr_fr\/quand-partir-au-costa-rica\/\",\"url\":\"https:\/\/morphocostarica.com\/fr_fr\/quand-partir-au-costa-rica\/\",\"name\":\"Quand partir au Costa Rica? - Morpho Evasions Costa Rica\",\"isPartOf\":{\"@id\":\"https:\/\/morphocostarica.com\/fr_fr\/#website\"},\"primaryImageOfPage\":{\"@id\":\"https:\/\/morphocostarica.com\/fr_fr\/quand-partir-au-costa-rica\/#primaryimage\"},\"image\":{\"@id\":\"https:\/\/morphocostarica.com\/fr_fr\/quand-partir-au-costa-rica\/#primaryimage\"},\"thumbnailUrl\":\"https:\/\/morphocostarica.com\/wp-content\/uploads\/2025\/02\/Bajos-del-toro-scaled.jpg\",\"datePublished\":\"2025-02-27T08:42:00+00:00\",\"dateModified\":\"2025-05-14T10:33:43+00:00\",\"breadcrumb\":{\"@id\":\"https:\/\/morphocostarica.com\/fr_fr\/quand-partir-au-costa-rica\/#breadcrumb\"},\"inLanguage\":\"fr-FR\",\"potentialAction\":[{\"@type\":\"ReadAction\",\"target\":[\"https:\/\/morphocostarica.com\/fr_fr\/quand-partir-au-costa-rica\/\"]}]},{\"@type\":\"ImageObject\",\"inLanguage\":\"fr-FR\",\"@id\":\"https:\/\/morphocostarica.com\/fr_fr\/quand-partir-au-costa-rica\/#primaryimage\",\"url\":\"https:\/\/morphocostarica.com\/wp-content\/uploads\/2025\/02\/Bajos-del-toro-scaled.jpg\",\"contentUrl\":\"https:\/\/morphocostarica.com\/wp-content\/uploads\/2025\/02\/Bajos-del-toro-scaled.jpg\",\"width\":2560,\"height\":846,\"caption\":\"costa rica bajo del toro\"},{\"@type\":\"BreadcrumbList\",\"@id\":\"https:\/\/morphocostarica.com\/fr_fr\/quand-partir-au-costa-rica\/#breadcrumb\",\"itemListElement\":[{\"@type\":\"ListItem\",\"position\":1,\"name\":\"Accueil\",\"item\":\"https:\/\/morphocostarica.com\/fr_fr\/\"},{\"@type\":\"ListItem\",\"position\":2,\"name\":\"Quand partir au Costa Rica?\"}]},{\"@type\":\"WebSite\",\"@id\":\"https:\/\/morphocostarica.com\/fr_fr\/#website\",\"url\":\"https:\/\/morphocostarica.com\/fr_fr\/\",\"name\":\"Morpho Evasions Costa Rica\",\"description\":\"Les voyages sur mesure durables au Costa Rica avec Morpho Evasions\",\"publisher\":{\"@id\":\"https:\/\/morphocostarica.com\/fr_fr\/#organization\"},\"potentialAction\":[{\"@type\":\"SearchAction\",\"target\":{\"@type\":\"EntryPoint\",\"urlTemplate\":\"https:\/\/morphocostarica.com\/fr_fr\/?s={search_term_string}\"},\"query-input\":{\"@type\":\"PropertyValueSpecification\",\"valueRequired\":true,\"valueName\":\"search_term_string\"}}],\"inLanguage\":\"fr-FR\"},{\"@type\":\"Organization\",\"@id\":\"https:\/\/morphocostarica.com\/fr_fr\/#organization\",\"name\":\"Morpho Evasions Costa Rica\",\"url\":\"https:\/\/morphocostarica.com\/fr_fr\/\",\"logo\":{\"@type\":\"ImageObject\",\"inLanguage\":\"fr-FR\",\"@id\":\"https:\/\/morphocostarica.com\/fr_fr\/#\/schema\/logo\/image\/\",\"url\":\"https:\/\/morphocostarica.com\/wp-content\/uploads\/2024\/10\/Logo-Morpho-Evasions.svg\",\"contentUrl\":\"https:\/\/morphocostarica.com\/wp-content\/uploads\/2024\/10\/Logo-Morpho-Evasions.svg\",\"width\":1,\"height\":1,\"caption\":\"Morpho Evasions Costa Rica\"},\"image\":{\"@id\":\"https:\/\/morphocostarica.com\/fr_fr\/#\/schema\/logo\/image\/\"},\"sameAs\":[\"https:\/\/www.facebook.com\/morphoevasionscostarica\/\",\"https:\/\/www.instagram.com\/morphoevasions\/\",\"https:\/\/www.youtube.com\/@morphoevasions7945\"]}]}<\/script>\n<!-- \/ Yoast SEO plugin. -->","yoast_head_json":{"title":"Quand partir au Costa Rica? - Morpho Evasions Costa Rica","robots":{"index":"index","follow":"follow","max-snippet":"max-snippet:-1","max-image-preview":"max-image-preview:large","max-video-preview":"max-video-preview:-1"},"canonical":"https:\/\/morphocostarica.com\/fr_fr\/quand-partir-au-costa-rica\/","og_locale":"fr_FR","og_type":"article","og_title":"Quand partir au Costa Rica? - Morpho Evasions Costa Rica","og_description":"Quand partirau costa rica? Comprendre les saisons pour mieux voyager Quelle est la saison id\u00e9ale pour visiter le Cosa Rica Imaginez\u2026 Vous marchez dans une for\u00eat tropicale vibrante, berc\u00e9 par le chant des oiseaux exotiques et le murmure d\u2019une cascade lointaine. Ou peut-\u00eatre \u00eates-vous allong\u00e9 sur une plage dor\u00e9e, un cocktail \u00e0 la main, face [&hellip;]","og_url":"https:\/\/morphocostarica.com\/fr_fr\/quand-partir-au-costa-rica\/","og_site_name":"Morpho Evasions Costa Rica","article_publisher":"https:\/\/www.facebook.com\/morphoevasionscostarica\/","article_modified_time":"2025-05-14T10:33:43+00:00","og_image":[{"width":2560,"height":846,"url":"https:\/\/morphocostarica.com\/wp-content\/uploads\/2025\/02\/Bajos-del-toro-scaled.jpg","type":"image\/jpeg"}],"twitter_card":"summary_large_image","twitter_misc":{"Dur\u00e9e de lecture estim\u00e9e":"5 minutes"},"schema":{"@context":"https:\/\/schema.org","@graph":[{"@type":"WebPage","@id":"https:\/\/morphocostarica.com\/fr_fr\/quand-partir-au-costa-rica\/","url":"https:\/\/morphocostarica.com\/fr_fr\/quand-partir-au-costa-rica\/","name":"Quand partir au Costa Rica? - Morpho Evasions Costa Rica","isPartOf":{"@id":"https:\/\/morphocostarica.com\/fr_fr\/#website"},"primaryImageOfPage":{"@id":"https:\/\/morphocostarica.com\/fr_fr\/quand-partir-au-costa-rica\/#primaryimage"},"image":{"@id":"https:\/\/morphocostarica.com\/fr_fr\/quand-partir-au-costa-rica\/#primaryimage"},"thumbnailUrl":"https:\/\/morphocostarica.com\/wp-content\/uploads\/2025\/02\/Bajos-del-toro-scaled.jpg","datePublished":"2025-02-27T08:42:00+00:00","dateModified":"2025-05-14T10:33:43+00:00","breadcrumb":{"@id":"https:\/\/morphocostarica.com\/fr_fr\/quand-partir-au-costa-rica\/#breadcrumb"},"inLanguage":"fr-FR","potentialAction":[{"@type":"ReadAction","target":["https:\/\/morphocostarica.com\/fr_fr\/quand-partir-au-costa-rica\/"]}]},{"@type":"ImageObject","inLanguage":"fr-FR","@id":"https:\/\/morphocostarica.com\/fr_fr\/quand-partir-au-costa-rica\/#primaryimage","url":"https:\/\/morphocostarica.com\/wp-content\/uploads\/2025\/02\/Bajos-del-toro-scaled.jpg","contentUrl":"https:\/\/morphocostarica.com\/wp-content\/uploads\/2025\/02\/Bajos-del-toro-scaled.jpg","width":2560,"height":846,"caption":"costa rica bajo del toro"},{"@type":"BreadcrumbList","@id":"https:\/\/morphocostarica.com\/fr_fr\/quand-partir-au-costa-rica\/#breadcrumb","itemListElement":[{"@type":"ListItem","position":1,"name":"Accueil","item":"https:\/\/morphocostarica.com\/fr_fr\/"},{"@type":"ListItem","position":2,"name":"Quand partir au Costa Rica?"}]},{"@type":"WebSite","@id":"https:\/\/morphocostarica.com\/fr_fr\/#website","url":"https:\/\/morphocostarica.com\/fr_fr\/","name":"Morpho Evasions Costa Rica","description":"Les voyages sur mesure durables au Costa Rica avec Morpho Evasions","publisher":{"@id":"https:\/\/morphocostarica.com\/fr_fr\/#organization"},"potentialAction":[{"@type":"SearchAction","target":{"@type":"EntryPoint","urlTemplate":"https:\/\/morphocostarica.com\/fr_fr\/?s={search_term_string}"},"query-input":{"@type":"PropertyValueSpecification","valueRequired":true,"valueName":"search_term_string"}}],"inLanguage":"fr-FR"},{"@type":"Organization","@id":"https:\/\/morphocostarica.com\/fr_fr\/#organization","name":"Morpho Evasions Costa Rica","url":"https:\/\/morphocostarica.com\/fr_fr\/","logo":{"@type":"ImageObject","inLanguage":"fr-FR","@id":"https:\/\/morphocostarica.com\/fr_fr\/#\/schema\/logo\/image\/","url":"https:\/\/morphocostarica.com\/wp-content\/uploads\/2024\/10\/Logo-Morpho-Evasions.svg","contentUrl":"https:\/\/morphocostarica.com\/wp-content\/uploads\/2024\/10\/Logo-Morpho-Evasions.svg","width":1,"height":1,"caption":"Morpho Evasions Costa Rica"},"image":{"@id":"https:\/\/morphocostarica.com\/fr_fr\/#\/schema\/logo\/image\/"},"sameAs":["https:\/\/www.facebook.com\/morphoevasionscostarica\/","https:\/\/www.instagram.com\/morphoevasions\/","https:\/\/www.youtube.com\/@morphoevasions7945"]}]}},"_links":{"self":[{"href":"https:\/\/morphocostarica.com\/fr_fr\/wp-json\/wp\/v2\/pages\/5047","targetHints":{"allow":["GET"]}}],"collection":[{"href":"https:\/\/morphocostarica.com\/fr_fr\/wp-json\/wp\/v2\/pages"}],"about":[{"href":"https:\/\/morphocostarica.com\/fr_fr\/wp-json\/wp\/v2\/types\/page"}],"author":[{"embeddable":true,"href":"https:\/\/morphocostarica.com\/fr_fr\/wp-json\/wp\/v2\/users\/1"}],"replies":[{"embeddable":true,"href":"https:\/\/morphocostarica.com\/fr_fr\/wp-json\/wp\/v2\/comments?post=5047"}],"version-history":[{"count":15,"href":"https:\/\/morphocostarica.com\/fr_fr\/wp-json\/wp\/v2\/pages\/5047\/revisions"}],"predecessor-version":[{"id":5529,"href":"https:\/\/morphocostarica.com\/fr_fr\/wp-json\/wp\/v2\/pages\/5047\/revisions\/5529"}],"wp:featuredmedia":[{"embeddable":true,"href":"https:\/\/morphocostarica.com\/fr_fr\/wp-json\/wp\/v2\/media\/5060"}],"wp:attachment":[{"href":"https:\/\/morphocostarica.com\/fr_fr\/wp-json\/wp\/v2\/media?parent=5047"}],"curies":[{"name":"wp","href":"https:\/\/api.w.org\/{rel}","templated":true}]}}